{"id":322,"date":"2013-04-16T08:24:12","date_gmt":"2013-04-16T06:24:12","guid":{"rendered":"https:\/\/cechzdunskawola.pl\/?page_id=322"},"modified":"2022-11-29T13:35:14","modified_gmt":"2022-11-29T12:35:14","slug":"zus-przedsiebiorcow","status":"publish","type":"page","link":"https:\/\/cechzdunskawola.pl\/?page_id=322","title":{"rendered":"ZUS przedsi\u0119biorc\u00f3w"},"content":{"rendered":"<h1 class=\"bez-reklam\">Sk\u0142adki ZUS 2022<\/h1>\n<p align=\"center\"><strong>UWAGA!<\/strong><\/p>\n<p align=\"center\"><strong>Wysoko\u015b\u0107 sk\u0142adek ZUS w 2022 roku<\/strong><\/p>\n<p align=\"center\"><strong>zale\u017cy od wybranej formy opodatkowania.<\/strong><\/p>\n<p align=\"center\">\n<p align=\"center\"><strong>Forma opodatkowania:<\/strong><\/p>\n<p align=\"center\"><strong>Zasady og\u00f3lne &#8211; skala podatkowa<\/strong><\/p>\n<p align=\"center\"><strong>(Sk\u0142adki pe\u0142ne)<\/strong><\/p>\n<table border=\"0\" align=\"center\">\n<tbody>\n<tr>\n<td colspan=\"7\" align=\"left\" valign=\"middle\" bgcolor=\"#ccffcc\" width=\"100%\" height=\"50\"><strong>Sk\u0142adki ZUS dla przedsi\u0119biorc\u00f3w na rok 2022<\/strong><\/p>\n<p>(forma opodatkowania: zasady og\u00f3lne &#8211; skala podatkowa)<\/td>\n<\/tr>\n<tr>\n<td bgcolor=\"#ffffce\" width=\"10%\" height=\"35\"><strong>.<br \/>\n<\/strong><\/td>\n<td align=\"center\" valign=\"top\" bgcolor=\"#ffffce\" width=\"10%\" height=\"35\"><strong>\u00a0Zdrowotne\u00a0\u00a0\u00a0<\/strong><\/td>\n<td align=\"center\" valign=\"top\" bgcolor=\"#ffffce\" width=\"10%\" height=\"35\"><strong>Emerytalne<\/strong><\/td>\n<td align=\"center\" valign=\"top\" bgcolor=\"#ffffce\" width=\"10%\" height=\"35\"><strong>Rentowe<\/strong><\/td>\n<td align=\"center\" valign=\"top\" bgcolor=\"#ffffce\" width=\"10%\" height=\"35\"><strong>Chorobowe<\/strong><\/p>\n<p align=\"center\">(dobrowolne)<\/p>\n<\/td>\n<td align=\"center\" valign=\"top\" bgcolor=\"#ffffce\" width=\"10%\" height=\"35\"><strong>Wypadkowe<\/strong><\/td>\n<td align=\"center\" valign=\"top\" bgcolor=\"#ffffce\" width=\"10%\" height=\"35\"><strong>Fundusz\u00a0Pracy<\/strong><\/td>\n<\/tr>\n<tr>\n<td valign=\"middle\" bgcolor=\"#ccffcc\" width=\"27%\" height=\"21\"><strong>Podstawa wymiaru sk\u0142adek<\/strong><br \/>\n(II-XII '2022)<\/td>\n<td align=\"center\" width=\"16%\" height=\"21\"><a href=\"https:\/\/zus.pox.pl\/zus\/skladka-zdrowotna-w-2022-roku-dzialalnosc-gospodarcza.htm\" target=\"_blank\" rel=\"noopener\">doch\u00f3d<\/a><\/td>\n<td colspan=\"5\" align=\"center\" width=\"53%\" height=\"21\">3553,20<\/td>\n<\/tr>\n<tr>\n<td rowspan=\"2\" valign=\"middle\" bgcolor=\"#ccffcc\" width=\"27%\" height=\"21\">Sk\u0142adka ZUS za miesi\u0105ce<\/p>\n<p><strong>luty-grudzie\u0144\u00a02022<\/strong><\/td>\n<td rowspan=\"2\" align=\"center\" width=\"16%\" height=\"21\"><a href=\"https:\/\/zus.pox.pl\/zus\/skladka-zdrowotna-w-2022-roku-dzialalnosc-gospodarcza.htm\" target=\"_blank\" rel=\"noopener\">9% dochodu<\/a><\/td>\n<td align=\"center\" bgcolor=\"#f0fff0\" width=\"10%\" height=\"11\">693,58<\/td>\n<td align=\"center\" bgcolor=\"#f0fff0\">284,26<\/td>\n<td align=\"center\" bgcolor=\"#f0fff0\">87,05<\/td>\n<td align=\"center\" bgcolor=\"#f0fff0\">59,34\u00a0<sup>1<\/sup><\/td>\n<td rowspan=\"2\" align=\"center\" width=\"13%\" height=\"21\">87,05<\/td>\n<\/tr>\n<tr>\n<td colspan=\"4\" align=\"center\" bgcolor=\"#f0fff0\" width=\"40%\" height=\"10\">\n<p align=\"left\">Razem spo\u0142eczne z chorobowym = 1124,23<\/p>\n<p align=\"left\">Razem spo\u0142eczne bez chorobowego = 1037,18<\/p>\n<\/td>\n<\/tr>\n<tr>\n<td rowspan=\"2\" valign=\"middle\" bgcolor=\"#ccffcc\" width=\"27%\" height=\"21\">\u0141\u0105cznie miesi\u0119czne sk\u0142adki ZUS<br \/>\n<strong>luty-grudzie\u0144\u00a0<\/strong><strong>2022<\/strong><\/td>\n<td colspan=\"4\" align=\"center\" valign=\"middle\" width=\"56%\" height=\"11\">\n<p align=\"left\"><strong>Razem<\/strong><strong>\u00a0sk\u0142adki ZUS bez sk\u0142adki zdrowotnej\u00a0<\/strong>(emerytalna, rentowa, wypadkowa, FP,\u00a0<strong>chorobowa<\/strong>)<\/p>\n<p align=\"left\">\n<\/td>\n<td colspan=\"2\" align=\"center\" valign=\"middle\" width=\"17%\" height=\"11\">\n<p align=\"left\"><strong><a href=\"https:\/\/zus.pox.pl\/zus\/skladka-zdrowotna-w-2022-roku-dzialalnosc-gospodarcza.htm\" target=\"_blank\" rel=\"noopener\">1211,28<\/a><\/strong><\/p>\n<\/td>\n<\/tr>\n<tr>\n<td colspan=\"4\" align=\"center\" valign=\"middle\" width=\"56%\" height=\"10\">\n<p align=\"left\"><strong>Razem\u00a0sk\u0142adki ZUS bez sk\u0142adki zdrowotnej\u00a0<\/strong>(emerytalna, rentowa, wypadkowa, FP,\u00a0<strong>bez chorobowej<\/strong>)<\/p>\n<p align=\"left\">\n<\/td>\n<td colspan=\"2\" align=\"center\" valign=\"middle\" width=\"17%\" height=\"10\">\n<p align=\"left\"><strong><a href=\"https:\/\/zus.pox.pl\/zus\/skladka-zdrowotna-w-2022-roku-dzialalnosc-gospodarcza.htm\" target=\"_blank\" rel=\"noopener\">1124,23<\/a><\/strong><\/p>\n<\/td>\n<\/tr>\n<\/tbody>\n<\/table>\n<p align=\"center\">\n<p align=\"center\"><strong>Forma opodatkowania:<\/strong><\/p>\n<p align=\"center\"><strong>Zasady og\u00f3lne &#8211; skala podatkowa<\/strong><\/p>\n<p align=\"center\"><strong>(Sk\u0142adki preferencyjne)<\/strong><\/p>\n<table border=\"0\" align=\"center\">\n<tbody>\n<tr>\n<td colspan=\"7\" align=\"left\" valign=\"middle\" bgcolor=\"#ccffcc\" width=\"100%\" height=\"50\">\n<p align=\"center\"><strong>Minimalne stawki ZUS dla\u00a0nowych\u00a0przedsi\u0119biorc\u00f3w<\/strong>\u00a0<strong><sup>3<\/sup><\/strong><\/p>\n<p align=\"center\">(preferencyjne sk\u0142adki ZUS dla os\u00f3b prowadz\u0105cych<\/p>\n<p align=\"center\">dzia\u0142alno\u015b\u0107 gospodarcz\u0105\u00a0&#8211;\u00a0obowi\u0105zuj\u0105ce w okresie<\/p>\n<p align=\"center\"><strong>od 7 do 30 miesi\u0105ca<\/strong>\u00a0prowadzenia dzia\u0142alno\u015bci)\u00a0<sup>2<\/sup><\/p>\n<p align=\"center\">\n<p align=\"center\">(forma opodatkowania: zasady og\u00f3lne &#8211; skala podatkowa)<\/p>\n<p align=\"center\">\n<\/td>\n<\/tr>\n<tr>\n<td bgcolor=\"#ffffce\" width=\"10%\" height=\"35\"><strong>.<br \/>\n<\/strong><\/td>\n<td align=\"center\" valign=\"top\" bgcolor=\"#ffffce\" width=\"10%\" height=\"35\"><strong>\u00a0Zdrowotne\u00a0\u00a0\u00a0<\/strong><\/td>\n<td align=\"center\" valign=\"top\" bgcolor=\"#ffffce\" width=\"10%\" height=\"35\"><strong>Emerytalne<\/strong><\/td>\n<td align=\"center\" valign=\"top\" bgcolor=\"#ffffce\" width=\"10%\" height=\"35\"><strong>Rentowe<\/strong><\/td>\n<td align=\"center\" valign=\"top\" bgcolor=\"#ffffce\" width=\"10%\" height=\"35\"><strong>Chorobowe<\/strong><\/p>\n<p align=\"center\">(dobrowolne)<\/p>\n<\/td>\n<td align=\"center\" valign=\"top\" bgcolor=\"#ffffce\" width=\"10%\" height=\"35\"><strong>Wypadkowe<\/strong><\/td>\n<td align=\"center\" valign=\"top\" bgcolor=\"#ffffce\" width=\"10%\" height=\"35\"><strong>Fundusz\u00a0Pracy<\/strong><\/td>\n<\/tr>\n<tr>\n<td valign=\"middle\" bgcolor=\"#ccffcc\" width=\"27%\" height=\"21\"><strong>Podstawa wymiaru sk\u0142adek preferencyjnych<\/strong><br \/>\n(II-XII '2022)<\/td>\n<td align=\"center\" width=\"16%\" height=\"21\"><a href=\"https:\/\/zus.pox.pl\/zus\/skladka-zdrowotna-w-2022-roku-dzialalnosc-gospodarcza.htm\" target=\"_blank\" rel=\"noopener\">doch\u00f3d<\/a><\/td>\n<td colspan=\"5\" align=\"center\" width=\"53%\" height=\"21\">903,00<\/td>\n<\/tr>\n<tr>\n<td rowspan=\"2\" valign=\"middle\" bgcolor=\"#ccffcc\" width=\"27%\" height=\"21\">Preferencyjna sk\u0142adka ZUS za miesi\u0105ce<\/p>\n<p><strong>luty-grudzie\u0144\u00a02022<\/strong><\/td>\n<td rowspan=\"2\" align=\"center\" width=\"16%\" height=\"21\"><a href=\"https:\/\/zus.pox.pl\/zus\/skladka-zdrowotna-w-2022-roku-dzialalnosc-gospodarcza.htm\" target=\"_blank\" rel=\"noopener\">9% dochodu<\/a><\/td>\n<td align=\"center\" bgcolor=\"#f0fff0\" width=\"10%\" height=\"11\">176,27<\/td>\n<td align=\"center\" bgcolor=\"#f0fff0\">72,24<\/td>\n<td align=\"center\" bgcolor=\"#f0fff0\">22,12<\/td>\n<td align=\"center\" bgcolor=\"#f0fff0\">15,08\u00a0<sup>1<\/sup><\/td>\n<td rowspan=\"2\" align=\"center\" width=\"13%\" height=\"21\">&#8211;<\/td>\n<\/tr>\n<tr>\n<td colspan=\"4\" align=\"center\" bgcolor=\"#f0fff0\" width=\"40%\" height=\"10\">\n<p align=\"left\">Razem spo\u0142eczne z chorobowym = 285,71<\/p>\n<p align=\"left\">Razem spo\u0142eczne bez chorobowego = 263,59<\/p>\n<\/td>\n<\/tr>\n<tr>\n<td rowspan=\"2\" valign=\"middle\" bgcolor=\"#ccffcc\" width=\"27%\" height=\"21\">\u0141\u0105cznie miesi\u0119czne sk\u0142adki ZUS<br \/>\n<strong>luty<\/strong><strong>-grudzie\u0144\u00a02022<\/strong><\/td>\n<td colspan=\"4\" align=\"center\" valign=\"middle\" width=\"56%\" height=\"11\">\n<p align=\"left\"><strong>Razem<\/strong><strong>\u00a0sk\u0142adki ZUS bez sk\u0142adki zdrowotnej\u00a0<\/strong>(emerytalna, rentowa, wypadkowa,\u00a0<strong>chorobowa<\/strong>)<\/p>\n<p align=\"left\">\n<\/td>\n<td colspan=\"2\" align=\"center\" valign=\"middle\" width=\"17%\" height=\"11\">\n<p align=\"left\"><strong><a href=\"https:\/\/zus.pox.pl\/zus\/skladka-zdrowotna-w-2022-roku-dzialalnosc-gospodarcza.htm\" target=\"_blank\" rel=\"noopener\">285,71<\/a><\/strong><\/p>\n<\/td>\n<\/tr>\n<tr>\n<td colspan=\"4\" align=\"center\" valign=\"middle\" width=\"56%\" height=\"10\">\n<p align=\"left\"><strong>Razem\u00a0sk\u0142adki ZUS bez sk\u0142adki zdrowotnej\u00a0<\/strong>(emerytalna, rentowa, wypadkowa,\u00a0<strong>bez chorobowej<\/strong>)<\/p>\n<p align=\"left\">\n<\/td>\n<td colspan=\"2\" align=\"center\" valign=\"middle\" width=\"17%\" height=\"10\">\n<p align=\"left\"><strong><a href=\"https:\/\/zus.pox.pl\/zus\/skladka-zdrowotna-w-2022-roku-dzialalnosc-gospodarcza.htm\" target=\"_blank\" rel=\"noopener\">263,59<\/a><\/strong><\/p>\n<\/td>\n<\/tr>\n<\/tbody>\n<\/table>\n<p align=\"center\"><strong>Forma opodatkowania:<\/strong><\/p>\n<p align=\"center\"><strong>Podatek liniowy<\/strong><\/p>\n<p align=\"center\"><strong>(Sk\u0142adki pe\u0142ne)<\/strong><\/p>\n<table border=\"0\" align=\"center\">\n<tbody>\n<tr>\n<td colspan=\"7\" align=\"left\" valign=\"middle\" bgcolor=\"#ccffcc\" width=\"100%\" height=\"50\"><strong>Sk\u0142adki ZUS dla przedsi\u0119biorc\u00f3w na rok 2022<\/strong><\/p>\n<p>(forma opodatkowania: podatek liniowy)<\/td>\n<\/tr>\n<tr>\n<td bgcolor=\"#ffffce\" width=\"10%\" height=\"35\"><strong>.<br \/>\n<\/strong><\/td>\n<td align=\"center\" valign=\"top\" bgcolor=\"#ffffce\" width=\"10%\" height=\"35\"><strong>\u00a0Zdrowotne\u00a0\u00a0\u00a0<\/strong><\/td>\n<td align=\"center\" valign=\"top\" bgcolor=\"#ffffce\" width=\"10%\" height=\"35\"><strong>Emerytalne<\/strong><\/td>\n<td align=\"center\" valign=\"top\" bgcolor=\"#ffffce\" width=\"10%\" height=\"35\"><strong>Rentowe<\/strong><\/td>\n<td align=\"center\" valign=\"top\" bgcolor=\"#ffffce\" width=\"10%\" height=\"35\"><strong>Chorobowe<\/strong><\/p>\n<p align=\"center\">(dobrowolne)<\/p>\n<\/td>\n<td align=\"center\" valign=\"top\" bgcolor=\"#ffffce\" width=\"10%\" height=\"35\"><strong>Wypadkowe<\/strong><\/td>\n<td align=\"center\" valign=\"top\" bgcolor=\"#ffffce\" width=\"10%\" height=\"35\"><strong>Fundusz\u00a0Pracy<\/strong><\/td>\n<\/tr>\n<tr>\n<td valign=\"middle\" bgcolor=\"#ccffcc\" width=\"27%\" height=\"21\"><strong>Podstawa wymiaru sk\u0142adek<\/strong><br \/>\n(II-XII '2022)<\/td>\n<td align=\"center\" width=\"16%\" height=\"21\"><a href=\"https:\/\/zus.pox.pl\/zus\/skladka-zdrowotna-w-2022-roku-dzialalnosc-gospodarcza.htm\" target=\"_blank\" rel=\"noopener\">doch\u00f3d<\/a><\/td>\n<td colspan=\"5\" align=\"center\" width=\"53%\" height=\"21\">3553,20<\/td>\n<\/tr>\n<tr>\n<td rowspan=\"2\" valign=\"middle\" bgcolor=\"#ccffcc\" width=\"27%\" height=\"21\">Sk\u0142adka ZUS za miesi\u0105ce<\/p>\n<p><strong>luty-grudzie\u0144\u00a02022<\/strong><\/td>\n<td rowspan=\"2\" align=\"center\" width=\"16%\" height=\"21\"><a href=\"https:\/\/zus.pox.pl\/zus\/skladka-zdrowotna-w-2022-roku-dzialalnosc-gospodarcza.htm\" target=\"_blank\" rel=\"noopener\">4,9% dochodu<\/a><\/td>\n<td align=\"center\" bgcolor=\"#f0fff0\" width=\"10%\" height=\"11\">693,58<\/td>\n<td align=\"center\" bgcolor=\"#f0fff0\">284,26<\/td>\n<td align=\"center\" bgcolor=\"#f0fff0\">87,05<\/td>\n<td align=\"center\" bgcolor=\"#f0fff0\">59,34\u00a0<sup>1<\/sup><\/td>\n<td rowspan=\"2\" align=\"center\" width=\"13%\" height=\"21\">87,05<\/td>\n<\/tr>\n<tr>\n<td colspan=\"4\" align=\"center\" bgcolor=\"#f0fff0\" width=\"40%\" height=\"10\">\n<p align=\"left\">Razem spo\u0142eczne z chorobowym = 1124,23<\/p>\n<p align=\"left\">Razem spo\u0142eczne bez chorobowego = 1037,18<\/p>\n<\/td>\n<\/tr>\n<tr>\n<td rowspan=\"2\" valign=\"middle\" bgcolor=\"#ccffcc\" width=\"27%\" height=\"21\">\u0141\u0105cznie miesi\u0119czne sk\u0142adki ZUS<br \/>\n<strong>luty<\/strong><strong>-grudzie\u0144\u00a02022<\/strong><\/td>\n<td colspan=\"4\" align=\"center\" valign=\"middle\" width=\"56%\" height=\"11\">\n<p align=\"left\"><strong>Razem<\/strong><strong>\u00a0sk\u0142adki ZUS bez sk\u0142adki zdrowotnej\u00a0<\/strong>(emerytalna, rentowa, wypadkowa, FP,\u00a0<strong>chorobowa<\/strong>)<\/p>\n<p align=\"left\">\n<\/td>\n<td colspan=\"2\" align=\"center\" valign=\"middle\" width=\"17%\" height=\"11\">\n<p align=\"left\"><strong><a href=\"https:\/\/zus.pox.pl\/zus\/skladka-zdrowotna-w-2022-roku-dzialalnosc-gospodarcza.htm\" target=\"_blank\" rel=\"noopener\">1211,28<\/a><\/strong><\/p>\n<\/td>\n<\/tr>\n<tr>\n<td colspan=\"4\" align=\"center\" valign=\"middle\" width=\"56%\" height=\"10\">\n<p align=\"left\"><strong>Razem\u00a0sk\u0142adki ZUS bez sk\u0142adki zdrowotnej\u00a0<\/strong>(emerytalna, rentowa, wypadkowa, FP,\u00a0<strong>bez chorobowej<\/strong>)<\/p>\n<p align=\"left\">\n<\/td>\n<td colspan=\"2\" align=\"center\" valign=\"middle\" width=\"17%\" height=\"10\">\n<p align=\"left\"><strong><a href=\"https:\/\/zus.pox.pl\/zus\/skladka-zdrowotna-w-2022-roku-dzialalnosc-gospodarcza.htm\" target=\"_blank\" rel=\"noopener\">1124,23<\/a><\/strong><\/p>\n<\/td>\n<\/tr>\n<\/tbody>\n<\/table>\n<p align=\"center\"><strong>Forma opodatkowania:<\/strong><\/p>\n<p align=\"center\"><strong>Podatek liniowy<\/strong><\/p>\n<p align=\"center\"><strong>(Sk\u0142adki preferencyjne)<\/strong><\/p>\n<table border=\"0\" align=\"center\">\n<tbody>\n<tr>\n<td colspan=\"7\" align=\"left\" valign=\"middle\" bgcolor=\"#ccffcc\" width=\"100%\" height=\"50\">\n<p align=\"center\"><strong>Minimalne stawki ZUS dla\u00a0nowych\u00a0przedsi\u0119biorc\u00f3w<\/strong>\u00a0<strong><sup>3<\/sup><\/strong><\/p>\n<p align=\"center\">(preferencyjne sk\u0142adki ZUS dla os\u00f3b prowadz\u0105cych<\/p>\n<p align=\"center\">dzia\u0142alno\u015b\u0107 gospodarcz\u0105\u00a0&#8211;\u00a0obowi\u0105zuj\u0105ce w okresie<\/p>\n<p align=\"center\"><strong>od 7 do 30 miesi\u0105ca<\/strong>\u00a0prowadzenia dzia\u0142alno\u015bci)\u00a0<sup>2<\/sup><\/p>\n<p align=\"center\">\n<p align=\"center\">(forma opodatkowania: podatek liniowy)<\/p>\n<p align=\"center\">\n<\/td>\n<\/tr>\n<tr>\n<td bgcolor=\"#ffffce\" width=\"10%\" height=\"35\"><strong>.<br \/>\n<\/strong><\/td>\n<td align=\"center\" valign=\"top\" bgcolor=\"#ffffce\" width=\"10%\" height=\"35\"><strong>\u00a0Zdrowotne\u00a0\u00a0\u00a0<\/strong><\/td>\n<td align=\"center\" valign=\"top\" bgcolor=\"#ffffce\" width=\"10%\" height=\"35\"><strong>Emerytalne<\/strong><\/td>\n<td align=\"center\" valign=\"top\" bgcolor=\"#ffffce\" width=\"10%\" height=\"35\"><strong>Rentowe<\/strong><\/td>\n<td align=\"center\" valign=\"top\" bgcolor=\"#ffffce\" width=\"10%\" height=\"35\"><strong>Chorobowe<\/strong><\/p>\n<p align=\"center\">(dobrowolne)<\/p>\n<\/td>\n<td align=\"center\" valign=\"top\" bgcolor=\"#ffffce\" width=\"10%\" height=\"35\"><strong>Wypadkowe<\/strong><\/td>\n<td align=\"center\" valign=\"top\" bgcolor=\"#ffffce\" width=\"10%\" height=\"35\"><strong>Fundusz\u00a0Pracy<\/strong><\/td>\n<\/tr>\n<tr>\n<td valign=\"middle\" bgcolor=\"#ccffcc\" width=\"27%\" height=\"21\"><strong>Podstawa wymiaru sk\u0142adek preferencyjnych<\/strong><br \/>\n(II-XII '2022)<\/td>\n<td align=\"center\" width=\"16%\" height=\"21\"><a href=\"https:\/\/zus.pox.pl\/zus\/skladka-zdrowotna-w-2022-roku-dzialalnosc-gospodarcza.htm\" target=\"_blank\" rel=\"noopener\">doch\u00f3d<\/a><\/td>\n<td colspan=\"5\" align=\"center\" width=\"53%\" height=\"21\">903,00<\/td>\n<\/tr>\n<tr>\n<td rowspan=\"2\" valign=\"middle\" bgcolor=\"#ccffcc\" width=\"27%\" height=\"21\">Preferencyjna sk\u0142adka ZUS za miesi\u0105ce<\/p>\n<p><strong>luty-grudzie\u0144\u00a02022<\/strong><\/td>\n<td rowspan=\"2\" align=\"center\" width=\"16%\" height=\"21\"><a href=\"https:\/\/zus.pox.pl\/zus\/skladka-zdrowotna-w-2022-roku-dzialalnosc-gospodarcza.htm\" target=\"_blank\" rel=\"noopener\">4,9% dochodu<\/a><\/td>\n<td align=\"center\" bgcolor=\"#f0fff0\" width=\"10%\" height=\"11\">176,27<\/td>\n<td align=\"center\" bgcolor=\"#f0fff0\">72,24<\/td>\n<td align=\"center\" bgcolor=\"#f0fff0\">22,12<\/td>\n<td align=\"center\" bgcolor=\"#f0fff0\">15,08\u00a0<sup>1<\/sup><\/td>\n<td rowspan=\"2\" align=\"center\" width=\"13%\" height=\"21\">&#8211;<\/td>\n<\/tr>\n<tr>\n<td colspan=\"4\" align=\"center\" bgcolor=\"#f0fff0\" width=\"40%\" height=\"10\">\n<p align=\"left\">Razem spo\u0142eczne z chorobowym = 285,71<\/p>\n<p align=\"left\">Razem spo\u0142eczne bez chorobowego = 263,59<\/p>\n<\/td>\n<\/tr>\n<tr>\n<td rowspan=\"2\" valign=\"middle\" bgcolor=\"#ccffcc\" width=\"27%\" height=\"21\">\u0141\u0105cznie miesi\u0119czne sk\u0142adki ZUS<br \/>\n<strong>luty-grudzie\u0144\u00a02022<\/strong><\/td>\n<td colspan=\"4\" align=\"center\" valign=\"middle\" width=\"56%\" height=\"11\">\n<p align=\"left\"><strong>Razem<\/strong><strong>\u00a0sk\u0142adki ZUS bez sk\u0142adki zdrowotnej\u00a0<\/strong>(emerytalna, rentowa, wypadkowa,\u00a0<strong>chorobowa<\/strong>)<\/p>\n<p align=\"left\">\n<\/td>\n<td colspan=\"2\" align=\"center\" valign=\"middle\" width=\"17%\" height=\"11\">\n<p align=\"left\"><strong><a href=\"https:\/\/zus.pox.pl\/zus\/skladka-zdrowotna-w-2022-roku-dzialalnosc-gospodarcza.htm\" target=\"_blank\" rel=\"noopener\">285,71<\/a><\/strong><\/p>\n<\/td>\n<\/tr>\n<tr>\n<td colspan=\"4\" align=\"center\" valign=\"middle\" width=\"56%\" height=\"10\">\n<p align=\"left\"><strong>Razem\u00a0sk\u0142adki ZUS bez sk\u0142adki zdrowotnej\u00a0<\/strong>(emerytalna, rentowa, wypadkowa,\u00a0<strong>bez chorobowej<\/strong>)<\/p>\n<p align=\"left\">\n<\/td>\n<td colspan=\"2\" align=\"center\" valign=\"middle\" width=\"17%\" height=\"10\">\n<p align=\"left\"><strong><a href=\"https:\/\/zus.pox.pl\/zus\/skladka-zdrowotna-w-2022-roku-dzialalnosc-gospodarcza.htm\" target=\"_blank\" rel=\"noopener\">263,59<\/a><\/strong><\/p>\n<\/td>\n<\/tr>\n<\/tbody>\n<\/table>\n<div id=\"ja-mainbody\" class=\"clearfix\">\n<div id=\"ja-contentwrap\">\n<div id=\"ja-content\">\n<div class=\"article-content\">\n<p><strong>Forma opodatkowania:<\/strong><\/p>\n<p><strong>Rycza\u0142t od przychod\u00f3w ewidencjonowanych<\/strong><\/p>\n<p><strong>(Sk\u0142adki pe\u0142ne)<\/strong><\/p>\n<div align=\"center\">\n<table style=\"height: 495px;\" border=\"0\" width=\"647\">\n<tbody>\n<tr>\n<td align=\"center\" bgcolor=\"#ffffce\" width=\"182\" height=\"55\"><strong>Sk\u0142adki ZUS na rok 2022<\/strong><\/td>\n<td align=\"center\" bgcolor=\"#ffffce\" width=\"96\" height=\"55\"><strong>Rycza\u0142t<\/strong><\/p>\n<p><strong>Roczne przychody<\/strong><\/p>\n<p><strong>0 &#8211; 60 000 z\u0142<\/strong><\/td>\n<td align=\"center\" bgcolor=\"#ffffce\" width=\"127\" height=\"55\"><strong>Rycza\u0142t<\/strong><\/p>\n<p><strong>Roczne przychody<\/strong><\/p>\n<p><strong>60 000,01<\/strong><\/p>\n<p><strong>&#8211; 300 000 z\u0142<\/strong><\/td>\n<td align=\"center\" bgcolor=\"#ffffce\" width=\"81\" height=\"55\"><strong>Rycza\u0142t<\/strong><\/p>\n<p><strong>Roczne przychody<\/strong><\/p>\n<p><strong>&gt; 300 000 z\u0142<\/strong><\/td>\n<\/tr>\n<tr>\n<td align=\"left\" valign=\"middle\" bgcolor=\"#FFFFFF\" width=\"182\" height=\"24\">\u00a0\u00a0 Sk\u0142adka zdrowotna<\/td>\n<td align=\"center\" bgcolor=\"#FFFFFF\" width=\"96\" height=\"24\">335,94<\/td>\n<td align=\"center\" bgcolor=\"#FFFFFF\" width=\"127\" height=\"24\">559,89<\/td>\n<td align=\"center\" bgcolor=\"#FFFFFF\" width=\"81\" height=\"24\">\u00a0 1007,81<\/td>\n<\/tr>\n<tr>\n<td align=\"left\" valign=\"middle\" bgcolor=\"#FFFFFF\" width=\"182\" height=\"22\">\u00a0\u00a0 Sk\u0142adka emerytalna<\/td>\n<td align=\"center\" bgcolor=\"#FFFFFF\" width=\"96\" height=\"22\">693,58<\/td>\n<td align=\"center\" bgcolor=\"#FFFFFF\" width=\"127\" height=\"22\">693,58<\/td>\n<td align=\"center\" bgcolor=\"#FFFFFF\" width=\"81\" height=\"22\">\u00a0\u00a0\u00a0 693,58<\/td>\n<\/tr>\n<tr>\n<td align=\"left\" valign=\"middle\" bgcolor=\"#FFFFFF\" width=\"182\" height=\"22\">\u00a0\u00a0 Sk\u0142adka rentowa<\/td>\n<td align=\"center\" bgcolor=\"#FFFFFF\" width=\"96\" height=\"22\">284,26<\/td>\n<td align=\"center\" bgcolor=\"#FFFFFF\" width=\"127\" height=\"22\">284,26<\/td>\n<td align=\"center\" bgcolor=\"#FFFFFF\" width=\"81\" height=\"22\">\u00a0\u00a0\u00a0 284,26<\/td>\n<\/tr>\n<tr>\n<td align=\"left\" valign=\"middle\" bgcolor=\"#FFFFFF\" width=\"182\" height=\"22\">\u00a0\u00a0 Sk\u0142adka chorobowa<\/td>\n<td align=\"center\" bgcolor=\"#FFFFFF\" width=\"96\" height=\"22\">\u00a0 87,05<\/td>\n<td align=\"center\" bgcolor=\"#FFFFFF\" width=\"127\" height=\"22\">\u00a0 87,05<\/td>\n<td align=\"center\" bgcolor=\"#FFFFFF\" width=\"81\" height=\"22\">\u00a0\u00a0\u00a0\u00a0\u00a0 87,05<\/td>\n<\/tr>\n<tr>\n<td align=\"left\" valign=\"middle\" bgcolor=\"#FFFFFF\" width=\"182\" height=\"22\">\u00a0\u00a0 Sk\u0142adka wypadkowa<\/td>\n<td align=\"center\" bgcolor=\"#FFFFFF\" width=\"96\" height=\"22\">\u00a0 59,34<\/td>\n<td align=\"center\" bgcolor=\"#FFFFFF\" width=\"127\" height=\"22\">\u00a0 59,34<\/td>\n<td align=\"center\" bgcolor=\"#FFFFFF\" width=\"81\" height=\"22\">\u00a0\u00a0\u00a0\u00a0\u00a0 59,34<\/td>\n<\/tr>\n<tr>\n<td align=\"left\" valign=\"middle\" bgcolor=\"#FFFFFF\" width=\"182\" height=\"23\">\u00a0\u00a0 Sk\u0142adka na Fundusz Pracy<\/td>\n<td align=\"center\" bgcolor=\"#FFFFFF\" width=\"96\" height=\"23\">\u00a0 87,05<\/td>\n<td align=\"center\" bgcolor=\"#FFFFFF\" width=\"127\" height=\"23\">\u00a0 87,05<\/td>\n<td align=\"center\" bgcolor=\"#FFFFFF\" width=\"81\" height=\"23\">\u00a0\u00a0\u00a0\u00a0\u00a0 87,05<\/td>\n<\/tr>\n<tr>\n<td align=\"left\" valign=\"middle\" bgcolor=\"#FFFFFF\" width=\"182\" height=\"37\">\u00a0\u00a0\u00a0<strong>RAZEM<\/strong><\/td>\n<td align=\"center\" bgcolor=\"#FFFFFF\" width=\"96\" height=\"37\"><strong>1 547,22<\/strong><\/td>\n<td align=\"center\" bgcolor=\"#FFFFFF\" width=\"127\" height=\"37\"><strong>1 771,17<\/strong><\/td>\n<td align=\"center\" bgcolor=\"#FFFFFF\" width=\"81\" height=\"37\">\u00a0\u00a0<strong>2 219,09<\/strong><\/td>\n<\/tr>\n<\/tbody>\n<\/table>\n<\/div>\n<p><strong>Forma opodatkowania:<\/strong><\/p>\n<p><strong>Rycza\u0142t od przychod\u00f3w ewidencjonowanych<\/strong><\/p>\n<p><strong>(Sk\u0142adki preferencyjne)<\/strong><\/p>\n<div align=\"center\">\n<table style=\"height: 506px;\" border=\"0\" width=\"643\">\n<tbody>\n<tr>\n<td align=\"center\" bgcolor=\"#ffffce\" width=\"182\" height=\"55\"><strong>Preferencyjne sk\u0142adki ZUS na rok 2022<\/strong><\/td>\n<td align=\"center\" bgcolor=\"#ffffce\" width=\"96\" height=\"55\"><strong>Rycza\u0142t<\/strong><\/p>\n<p><strong>Roczne przychody<\/strong><\/p>\n<p><strong>0 &#8211; 60 000 z\u0142<\/strong><\/td>\n<td align=\"center\" bgcolor=\"#ffffce\" width=\"127\" height=\"55\"><strong>Rycza\u0142t<\/strong><\/p>\n<p><strong>Roczne przychody<\/strong><\/p>\n<p><strong>60 000,01<\/strong><\/p>\n<p><strong>&#8211; 300 000 z\u0142<\/strong><\/td>\n<td align=\"center\" bgcolor=\"#ffffce\" width=\"81\" height=\"55\"><strong>Rycza\u0142t<\/strong><\/p>\n<p><strong>Roczne przychody<\/strong><\/p>\n<p><strong>&gt; 300 000 z\u0142<\/strong><\/td>\n<\/tr>\n<tr>\n<td align=\"left\" valign=\"middle\" bgcolor=\"#FFFFFF\" width=\"182\" height=\"24\">\u00a0\u00a0 Sk\u0142adka zdrowotna<\/td>\n<td align=\"center\" bgcolor=\"#FFFFFF\" width=\"96\" height=\"24\">335,94<\/td>\n<td align=\"center\" bgcolor=\"#FFFFFF\" width=\"127\" height=\"24\">559,89<\/td>\n<td align=\"center\" bgcolor=\"#FFFFFF\" width=\"81\" height=\"24\">\u00a0 1007,81<\/td>\n<\/tr>\n<tr>\n<td align=\"left\" valign=\"middle\" bgcolor=\"#FFFFFF\" width=\"182\" height=\"22\">\u00a0\u00a0 Sk\u0142adka emerytalna<\/td>\n<td align=\"center\" bgcolor=\"#FFFFFF\" width=\"96\" height=\"22\">176,27<\/td>\n<td align=\"center\" bgcolor=\"#FFFFFF\" width=\"127\" height=\"22\">176,27<\/td>\n<td align=\"center\" bgcolor=\"#FFFFFF\" width=\"81\" height=\"22\">\u00a0\u00a0\u00a0 176,27<\/td>\n<\/tr>\n<tr>\n<td align=\"left\" valign=\"middle\" bgcolor=\"#FFFFFF\" width=\"182\" height=\"22\">\u00a0\u00a0 Sk\u0142adka rentowa<\/td>\n<td align=\"center\" bgcolor=\"#FFFFFF\" width=\"96\" height=\"22\">\u00a0 72,24<\/td>\n<td align=\"center\" bgcolor=\"#FFFFFF\" width=\"127\" height=\"22\">\u00a0 72,24<\/td>\n<td align=\"center\" bgcolor=\"#FFFFFF\" width=\"81\" height=\"22\">\u00a0\u00a0\u00a0\u00a0\u00a0 72,24<\/td>\n<\/tr>\n<tr>\n<td align=\"left\" valign=\"middle\" bgcolor=\"#FFFFFF\" width=\"182\" height=\"22\">\u00a0\u00a0 Sk\u0142adka chorobowa<\/td>\n<td align=\"center\" bgcolor=\"#FFFFFF\" width=\"96\" height=\"22\">\u00a0 22,12<\/td>\n<td align=\"center\" bgcolor=\"#FFFFFF\" width=\"127\" height=\"22\">\u00a0 22,12<\/td>\n<td align=\"center\" bgcolor=\"#FFFFFF\" width=\"81\" height=\"22\">\u00a0\u00a0\u00a0\u00a0\u00a0 22,12<\/td>\n<\/tr>\n<tr>\n<td align=\"left\" valign=\"middle\" bgcolor=\"#FFFFFF\" width=\"182\" height=\"22\">\u00a0\u00a0 Sk\u0142adka wypadkowa<\/td>\n<td align=\"center\" bgcolor=\"#FFFFFF\" width=\"96\" height=\"22\">\u00a0 15,08<\/td>\n<td align=\"center\" bgcolor=\"#FFFFFF\" width=\"127\" height=\"22\">\u00a0 15,08<\/td>\n<td align=\"center\" bgcolor=\"#FFFFFF\" width=\"81\" height=\"22\">\u00a0\u00a0\u00a0\u00a0\u00a0 15,08<\/td>\n<\/tr>\n<tr>\n<td align=\"left\" valign=\"middle\" bgcolor=\"#FFFFFF\" width=\"182\" height=\"23\">\u00a0\u00a0 Sk\u0142adka na Fundusz Pracy<\/td>\n<td align=\"center\" bgcolor=\"#FFFFFF\" width=\"96\" height=\"23\">\u00a0\u00a0\u00a0 0,00<\/td>\n<td align=\"center\" bgcolor=\"#FFFFFF\" width=\"127\" height=\"23\">\u00a0\u00a0\u00a0 0,00<\/td>\n<td align=\"center\" bgcolor=\"#FFFFFF\" width=\"81\" height=\"23\">\u00a0\u00a0\u00a0\u00a0\u00a0\u00a0\u00a0 0,00<\/td>\n<\/tr>\n<tr>\n<td align=\"left\" valign=\"middle\" bgcolor=\"#FFFFFF\" width=\"182\" height=\"37\">\u00a0\u00a0\u00a0<strong>RAZEM<\/strong><\/td>\n<td align=\"center\" bgcolor=\"#FFFFFF\" width=\"96\" height=\"37\"><strong>621,65<\/strong><\/td>\n<td align=\"center\" bgcolor=\"#FFFFFF\" width=\"127\" height=\"37\"><strong>845,60<\/strong><\/td>\n<td align=\"center\" bgcolor=\"#FFFFFF\" width=\"81\" height=\"37\">\u00a0\u00a0<strong>1 293,52<\/strong><\/td>\n<\/tr>\n<\/tbody>\n<\/table>\n<\/div>\n<div align=\"center\"><\/div>\n<div align=\"center\"><\/div>\n<div align=\"center\"><strong>Forma opodatkowania:<\/strong><\/div>\n<div align=\"center\"><strong>Karta podatkowa<\/strong><\/div>\n<div align=\"center\">\n<table style=\"height: 444px;\" border=\"0\" width=\"499\">\n<tbody>\n<tr>\n<td align=\"center\" bgcolor=\"#ffffce\" width=\"182\" height=\"55\"><strong>Sk\u0142adki ZUS na rok 2022<\/strong><\/td>\n<td align=\"center\" bgcolor=\"#ffffce\" width=\"96\" height=\"55\"><strong>Karta podatkowa<\/strong><\/p>\n<p><strong>Sk\u0142adki<\/strong><\/p>\n<p><strong>pe\u0142ne<\/strong><\/td>\n<td align=\"center\" bgcolor=\"#ffffce\" width=\"81\" height=\"55\"><strong>Karta podatkowa<\/strong><\/p>\n<p><strong>Sk\u0142adki preferencyjne<\/strong><\/td>\n<\/tr>\n<tr>\n<td align=\"left\" valign=\"middle\" bgcolor=\"#FFFFFF\" width=\"182\" height=\"24\">\u00a0\u00a0 Sk\u0142adka zdrowotna<\/td>\n<td align=\"center\" bgcolor=\"#FFFFFF\" width=\"96\" height=\"24\">270,90<\/td>\n<td align=\"center\" bgcolor=\"#FFFFFF\" width=\"81\" height=\"24\">\u00a0\u00a0\u00a0 270,90<\/td>\n<\/tr>\n<tr>\n<td align=\"left\" valign=\"middle\" bgcolor=\"#FFFFFF\" width=\"182\" height=\"22\">\u00a0\u00a0 Sk\u0142adka emerytalna<\/td>\n<td align=\"center\" bgcolor=\"#FFFFFF\" width=\"96\" height=\"22\">693,58<\/td>\n<td align=\"center\" bgcolor=\"#FFFFFF\" width=\"81\" height=\"22\">\u00a0\u00a0\u00a0 176,27<\/td>\n<\/tr>\n<tr>\n<td align=\"left\" valign=\"middle\" bgcolor=\"#FFFFFF\" width=\"182\" height=\"22\">\u00a0\u00a0 Sk\u0142adka rentowa<\/td>\n<td align=\"center\" bgcolor=\"#FFFFFF\" width=\"96\" height=\"22\">284,26<\/td>\n<td align=\"center\" bgcolor=\"#FFFFFF\" width=\"81\" height=\"22\">\u00a0\u00a0\u00a0\u00a0\u00a0 72,24<\/td>\n<\/tr>\n<tr>\n<td align=\"left\" valign=\"middle\" bgcolor=\"#FFFFFF\" width=\"182\" height=\"22\">\u00a0\u00a0 Sk\u0142adka chorobowa<\/td>\n<td align=\"center\" bgcolor=\"#FFFFFF\" width=\"96\" height=\"22\">\u00a0 87,05<\/td>\n<td align=\"center\" bgcolor=\"#FFFFFF\" width=\"81\" height=\"22\">\u00a0\u00a0\u00a0\u00a0\u00a0 22,12<\/td>\n<\/tr>\n<tr>\n<td align=\"left\" valign=\"middle\" bgcolor=\"#FFFFFF\" width=\"182\" height=\"22\">\u00a0\u00a0 Sk\u0142adka wypadkowa<\/td>\n<td align=\"center\" bgcolor=\"#FFFFFF\" width=\"96\" height=\"22\">\u00a0 59,34<\/td>\n<td align=\"center\" bgcolor=\"#FFFFFF\" width=\"81\" height=\"22\">\u00a0\u00a0\u00a0\u00a0\u00a0 15,08<\/td>\n<\/tr>\n<tr>\n<td align=\"left\" valign=\"middle\" bgcolor=\"#FFFFFF\" width=\"182\" height=\"23\">\u00a0\u00a0 Sk\u0142adka na Fundusz Pracy<\/td>\n<td align=\"center\" bgcolor=\"#FFFFFF\" width=\"96\" height=\"23\">\u00a0 87,05<\/td>\n<td align=\"center\" bgcolor=\"#FFFFFF\" width=\"81\" height=\"23\">\u00a0\u00a0\u00a0\u00a0\u00a0\u00a0\u00a0 0,00<\/td>\n<\/tr>\n<tr>\n<td align=\"left\" valign=\"middle\" bgcolor=\"#FFFFFF\" width=\"182\" height=\"37\">\u00a0\u00a0\u00a0<strong>RAZEM<\/strong><\/td>\n<td align=\"center\" bgcolor=\"#FFFFFF\" width=\"96\" height=\"37\"><strong>1 482,18<\/strong><\/td>\n<td align=\"center\" bgcolor=\"#FFFFFF\" width=\"81\" height=\"37\">\u00a0\u00a0<strong>\u00a0 556,61<\/strong><\/td>\n<\/tr>\n<\/tbody>\n<\/table>\n<\/div>\n<div><\/div>\n<div>\n<table border=\"0\" align=\"center\">\n<tbody>\n<tr>\n<td>\n<p align=\"center\">\n<p align=\"justify\"><sup>1<\/sup>\u00a0Sk\u0142adka na ubezpieczenie wypadkowe dla os\u00f3b samodzielnie prowadz\u0105cych dzia\u0142alno\u015b\u0107 gospodarcz\u0105 (zg\u0142aszaj\u0105cych nie wi\u0119cej ni\u017c 9 os\u00f3b ubezpieczonych) wynosi 50% najwy\u017cszej stopy procentowej, czyli:<\/p>\n<ul>\n<li>\n<p align=\"justify\">01.01.2003 &#8211; 31.03.2006 &#8211; 1,93%<\/p>\n<\/li>\n<li>\n<p align=\"justify\">01.04.2006 &#8211; 31.03.2009 &#8211; 1,80%<\/p>\n<\/li>\n<li>\n<p align=\"justify\">01.04.2009 &#8211; 31.03.2012 &#8211; 1,67%<\/p>\n<\/li>\n<li>\n<p align=\"justify\">01.04.2012 &#8211; 31.03.2015 &#8211; 1,93%<\/p>\n<\/li>\n<li>\n<p align=\"justify\">01.04.2015 &#8211; 31.03.2018 &#8211; 1,80%<\/p>\n<\/li>\n<li>\n<p align=\"justify\">od 01.04.2018 &#8211; 1,67% podstawy wymiaru<\/p>\n<\/li>\n<\/ul>\n<p><sup>2<\/sup>\u00a0W okresie pierwszych\u00a0<strong>6 miesi\u0119cy<\/strong>\u00a0prowadzenia dzia\u0142alno\u015bci gospodarczej, przedsi\u0119biorca jest zwolniony z op\u0142acania sk\u0142adki emerytalnej, rentowej, chorobowej, wypadkowej oraz sk\u0142adki na Fundusz Pracy. W tym okresie obowi\u0105zkowa jest jedynie sk\u0142adka zdrowotna (wi\u0119cej informacji na ten temat znajduje si\u0119\u00a0<a href=\"https:\/\/zus.pox.pl\/zus\/ulga-na-start-czyli-zwolnienie-z-zus-jak-to-dziala.htm\" target=\"_blank\" rel=\"noopener\">na tej stronie<\/a>). W okresie kolejnych<strong>\u00a024 miesi\u0119cy<\/strong>\u00a0przedsi\u0119biorc\u0119 obowi\u0105zuj\u0105 wszystkie sk\u0142adki ZUS (z wyj\u0105tkiem sk\u0142adki na Fundusz Pracy), lecz w warto\u015bciach preferencyjnych (tabela dolna). Dopiero po up\u0142ywie\u00a0<strong>30 miesi\u0119cy<\/strong>, przedsi\u0119biorca zobowi\u0105zany jest do odprowadzania wszystkich sk\u0142adek ZUS w pe\u0142nej wysoko\u015bci (tabela g\u00f3rna).<\/p>\n<p align=\"justify\"><sup>3<\/sup>\u00a0W rozumieniu Ustawy Nowymi Przedsi\u0119biorcami s\u0105 osoby prowadz\u0105ce pozarolnicz\u0105 dzia\u0142alno\u015b\u0107 gospodarcz\u0105, kt\u00f3re:<\/p>\n<p>&#8211; nie prowadz\u0105 lub w okresie ostatnich 60 miesi\u0119cy kalendarzowych przed dniem rozpocz\u0119cia wykonywania dzia\u0142alno\u015bci gospodarczej nie prowadzi\u0142y pozarolniczej dzia\u0142alno\u015bci,<br \/>\n&#8211; nie wykonuj\u0105 dzia\u0142alno\u015bci gospodarczej na rzecz by\u0142ego pracodawcy, na rzecz kt\u00f3rego przed dniem rozpocz\u0119cia dzia\u0142alno\u015bci gospodarczej w bie\u017c\u0105cym lub poprzednim roku kalendarzowym wykonywa\u0142y w ramach stosunku pracy lub sp\u00f3\u0142dzielczego stosunku pracy czynno\u015bci wchodz\u0105ce w zakres wykonywanej dzia\u0142alno\u015bci gospodarczej.<\/p>\n<p align=\"justify\">Je\u015bli nie spe\u0142niasz kt\u00f3rego\u015b z powy\u017cszych warunk\u00f3w, a chcia\u0142by\u015b\u00a0<a href=\"https:\/\/zus.pox.pl\/bezskladek.htm\">unikn\u0105\u0107 sk\u0142adek ZUS, kliknij tutaj<\/a>.<\/p>\n<p align=\"justify\">Przedsi\u0119biorca spe\u0142niaj\u0105cy powy\u017csze warunki ma mo\u017cliwo\u015b\u0107 op\u0142acania sk\u0142adek ZUS w obni\u017conej wysoko\u015bci wed\u0142ug stawek preferencyjnych (tabela dolna). Sk\u0142adki preferencyjne przys\u0142uguj\u0105 r\u00f3wnie\u017c po wykorzystaniu 6-miesi\u0119cznego zwolnienia z ZUS (o kt\u00f3rym mowa w punkcie powy\u017cej), a wi\u0119c w praktyce przys\u0142uguj\u0105 w okresie od 7 do 30 miesi\u0105ca dzia\u0142alno\u015bci gospodarczej.<\/p>\n<p align=\"justify\"><sup>4<\/sup>\u00a0Sk\u0142adki ZUS w rycza\u0142towej wysoko\u015bci (przedstawione w tabelach) dotycz\u0105 jedynie tych przedsi\u0119biorc\u00f3w, kt\u00f3rzy w ca\u0142ym poprzednim roku osi\u0105gn\u0119li przychody wy\u017csze ni\u017c 120 tys. z\u0142. Zgodnie z przepisami obowi\u0105zuj\u0105cymi od 01.02.2020 r., osoby prowadz\u0105ce dzia\u0142alno\u015b\u0107 gospodarcz\u0105 na mniejsz\u0105 skal\u0119, maj\u0105 mo\u017cliwo\u015b\u0107 unikni\u0119cia rycza\u0142towych sk\u0142adek ZUS. Osoby takie mog\u0105 op\u0142aca\u0107 ni\u017csze sk\u0142adki, kt\u00f3rych wysoko\u015b\u0107 uzale\u017cniona jest od warto\u015bci dochod\u00f3w osi\u0105gni\u0119tych w roku poprzednim.<\/p>\n<p align=\"justify\">Wi\u0119cej informacji na ten temat mo\u017cna znale\u017a\u0107\u00a0<a href=\"https:\/\/zus.pox.pl\/zus\/maly-zus-plus-czyli-skladki-zus-od-dochodu-w-2021-roku.htm\" target=\"_blank\" rel=\"noopener\">na tej stronie<\/a>.<\/p>\n<\/td>\n<\/tr>\n<\/tbody>\n<\/table>\n<\/div>\n<div><\/div>\n<\/div>\n<p><span class=\"article_separator\">\u00a0<\/span><\/div>\n<\/div>\n<\/div>\n<p>Podstawa prawna:<\/p>\n<ul>\n<li>\u00a0Ustawa z 13 pa\u017adziernika 1998 r. o systemie ubezpiecze\u0144 spo\u0142ecznych (Dz.U. z 2009 r. Nr 205, poz. 1585 z p\u00f3\u017an. zm.),<\/li>\n<li>Ustawa z 30 pa\u017adziernika 2002 r. o ubezpieczeniu spo\u0142ecznym z tytu\u0142u wypadk\u00f3w przy pracy i chor\u00f3b zawodowych (Dz.U. z 2009 r. Nr 167, poz. 1322 z p\u00f3\u017an. zm.),<\/li>\n<li>Ustawa z 27 sierpnia 2004 r. o \u015bwiadczeniach opieki zdrowotnej finansowanych ze \u015brodk\u00f3w publicznych (Dz.U. z 2008 r. Nr 164, poz. 1027 z p\u00f3\u017an. zm.).<\/li>\n<\/ul>\n","protected":false},"excerpt":{"rendered":"<p>Sk\u0142adki ZUS 2022 UWAGA! Wysoko\u015b\u0107 sk\u0142adek ZUS w 2022 roku zale\u017cy od wybranej formy opodatkowania. Forma opodatkowania: Zasady og\u00f3lne &#8211; skala podatkowa (Sk\u0142adki pe\u0142ne) Sk\u0142adki ZUS dla przedsi\u0119biorc\u00f3w na rok 2022 (forma opodatkowania: zasady og\u00f3lne &#8211; skala podatkowa) . \u00a0Zdrowotne\u00a0\u00a0\u00a0 Emerytalne Rentowe Chorobowe (dobrowolne) Wypadkowe Fundusz\u00a0Pracy Podstawa wymiaru sk\u0142adek (II-XII '2022) doch\u00f3d 3553,20 Sk\u0142adka ZUS [&hellip;]<\/p>\n","protected":false},"author":1,"featured_media":0,"parent":316,"menu_order":1,"comment_status":"closed","ping_status":"closed","template":"","meta":{"pgc_sgb_lightbox_settings":"","footnotes":""},"_links":{"self":[{"href":"https:\/\/cechzdunskawola.pl\/index.php?rest_route=\/wp\/v2\/pages\/322"}],"collection":[{"href":"https:\/\/cechzdunskawola.pl\/index.php?rest_route=\/wp\/v2\/pages"}],"about":[{"href":"https:\/\/cechzdunskawola.pl\/index.php?rest_route=\/wp\/v2\/types\/page"}],"author":[{"embeddable":true,"href":"https:\/\/cechzdunskawola.pl\/index.php?rest_route=\/wp\/v2\/users\/1"}],"replies":[{"embeddable":true,"href":"https:\/\/cechzdunskawola.pl\/index.php?rest_route=%2Fwp%2Fv2%2Fcomments&post=322"}],"version-history":[{"count":40,"href":"https:\/\/cechzdunskawola.pl\/index.php?rest_route=\/wp\/v2\/pages\/322\/revisions"}],"predecessor-version":[{"id":1456,"href":"https:\/\/cechzdunskawola.pl\/index.php?rest_route=\/wp\/v2\/pages\/322\/revisions\/1456"}],"up":[{"embeddable":true,"href":"https:\/\/cechzdunskawola.pl\/index.php?rest_route=\/wp\/v2\/pages\/316"}],"wp:attachment":[{"href":"https:\/\/cechzdunskawola.pl\/index.php?rest_route=%2Fwp%2Fv2%2Fmedia&parent=322"}],"curies":[{"name":"wp","href":"https:\/\/api.w.org\/{rel}","templated":true}]}}